{"id":1975,"date":"2023-01-06T19:52:29","date_gmt":"2023-01-06T17:52:29","guid":{"rendered":"https:\/\/www.citric.ws\/projects\/txell\/politica-de-cookies\/"},"modified":"2026-01-23T14:37:09","modified_gmt":"2026-01-23T12:37:09","slug":"politica-de-cookies","status":"publish","type":"page","link":"https:\/\/www.herbessalvatges.com\/es\/politica-de-cookies\/","title":{"rendered":"Pol\u00edtica de cookies"},"content":{"rendered":"\t\t<div data-elementor-type=\"wp-page\" data-elementor-id=\"1975\" class=\"elementor elementor-1975 elementor-1709\">\n\t\t\t\t\t\t<section class=\"elementor-section elementor-top-section elementor-element elementor-element-7c16398 elementor-section-boxed elementor-section-height-default elementor-section-height-default parallax_section_no qode_elementor_container_no\" data-id=\"7c16398\" data-element_type=\"section\">\n\t\t\t\t\t\t<div class=\"elementor-container elementor-column-gap-default\">\n\t\t\t\t\t<div class=\"elementor-column elementor-col-100 elementor-top-column elementor-element elementor-element-36c1478\" data-id=\"36c1478\" data-element_type=\"column\">\n\t\t\t<div class=\"elementor-widget-wrap elementor-element-populated\">\n\t\t\t\t\t\t<div class=\"elementor-element elementor-element-9b8dfe7 elementor-widget elementor-widget-text-editor\" data-id=\"9b8dfe7\" data-element_type=\"widget\" data-widget_type=\"text-editor.default\">\n\t\t\t\t<div class=\"elementor-widget-container\">\n\t\t\t\t\t\t\t\t\t<p>Meritxell Vi\u00f1als Perich, a trav\u00e9s del presente documento, recoge su Pol\u00edtica de recogida y tratamiento de cookies, en cumplimiento de lo dispuesto en el art\u00edculo 22.2 de la Ley 34\/2002, de 11 de julio, de Servicios de la sociedad de la Informaci\u00f3n y de Comercio Electr\u00f3nico (LSSI-CE).<\/p>\t\t\t\t\t\t\t\t<\/div>\n\t\t\t\t<\/div>\n\t\t\t\t<div class=\"elementor-element elementor-element-13c1f0c elementor-widget elementor-widget-text-editor\" data-id=\"13c1f0c\" data-element_type=\"widget\" data-widget_type=\"text-editor.default\">\n\t\t\t\t<div class=\"elementor-widget-container\">\n\t\t\t\t\t\t\t\t\t<p>Las cookies se almacenan en el equipo terminal del usuario (ordenador o dispositivo m\u00f3vil) y recopilan informaci\u00f3n al visitar la p\u00e1gina web www.herbessalvatges.com, con el fin de mejorar la usabilidad de la misma, conocer sus h\u00e1bitos o necesidades de navegaci\u00f3n de los usuarios para poder adaptarse a los mismos, as\u00ed como obtener informaci\u00f3n con fines estad\u00edsticos. En el caso de aquellos usuarios que ya sean clientes de Meritxell Vi\u00f1als Perich, la informaci\u00f3n recogida con las cookies servir\u00e1 tambi\u00e9n para su identificaci\u00f3n al acceder a las distintas herramientas que Meritxell Vi\u00f1als Perich pone a su disposici\u00f3n para la gesti\u00f3n de los servicios .<\/p>\t\t\t\t\t\t\t\t<\/div>\n\t\t\t\t<\/div>\n\t\t\t\t<div class=\"elementor-element elementor-element-0bd8b1f elementor-widget elementor-widget-text-editor\" data-id=\"0bd8b1f\" data-element_type=\"widget\" data-widget_type=\"text-editor.default\">\n\t\t\t\t<div class=\"elementor-widget-container\">\n\t\t\t\t\t\t\t\t\t<p>La presente Pol\u00edtica de cookies ser\u00e1 de aplicaci\u00f3n a aquellos usuarios que voluntariamente visiten las p\u00e1ginas web de Meritxell Vi\u00f1als Perich, rellenen formularios de recogida de datos, accedan a las herramientas que Meritxell Vi\u00f1als Perich pone a disposici\u00f3n de sus clientes para gestionar sus servicios , o utilicen cualquier otro servicio presente en el sitio web que implique la comunicaci\u00f3n de datos a Meritxell Vi\u00f1als Perich, o el acceso a datos por Meritxell Vi\u00f1als Perich para la prestaci\u00f3n de sus servicios.<\/p>\t\t\t\t\t\t\t\t<\/div>\n\t\t\t\t<\/div>\n\t\t\t\t<div class=\"elementor-element elementor-element-07d9595 elementor-widget elementor-widget-text-editor\" data-id=\"07d9595\" data-element_type=\"widget\" data-widget_type=\"text-editor.default\">\n\t\t\t\t<div class=\"elementor-widget-container\">\n\t\t\t\t\t\t\t\t\t<p>Meritxell Vi\u00f1als Perich informa a los usuarios de sus p\u00e1ginas web, de la existencia de cookies y pone a su disposici\u00f3n la presente Pol\u00edtica con el fin de informarles sobre el uso y objeto de las mismas. El hecho de continuar la navegaci\u00f3n a trav\u00e9s de sus p\u00e1ginas supone el conocimiento y aceptaci\u00f3n de la presente Pol\u00edtica por parte de estos usuarios.<\/p>\t\t\t\t\t\t\t\t<\/div>\n\t\t\t\t<\/div>\n\t\t\t\t<div class=\"elementor-element elementor-element-3647e37 elementor-widget elementor-widget-text-editor\" data-id=\"3647e37\" data-element_type=\"widget\" data-widget_type=\"text-editor.default\">\n\t\t\t\t<div class=\"elementor-widget-container\">\n\t\t\t\t\t\t\t\t\t<p>Meritxell Vi\u00f1als Perich utiliza los siguientes tipos de cookies:<\/p>\t\t\t\t\t\t\t\t<\/div>\n\t\t\t\t<\/div>\n\t\t\t\t<div class=\"elementor-element elementor-element-77f8e41 elementor-widget elementor-widget-text-editor\" data-id=\"77f8e41\" data-element_type=\"widget\" data-widget_type=\"text-editor.default\">\n\t\t\t\t<div class=\"elementor-widget-container\">\n\t\t\t\t\t\t\t\t\t<p><strong>CLASIFICADAS SEG\u00daN SU TITULARIDAD:<\/strong><\/p>\t\t\t\t\t\t\t\t<\/div>\n\t\t\t\t<\/div>\n\t\t\t\t<div class=\"elementor-element elementor-element-f005c52 elementor-widget elementor-widget-text-editor\" data-id=\"f005c52\" data-element_type=\"widget\" data-widget_type=\"text-editor.default\">\n\t\t\t\t<div class=\"elementor-widget-container\">\n\t\t\t\t\t\t\t\t\t<p>Cookies propias: enviadas y gestionadas directamente por Meritxell Vi\u00f1als Perich.<br>Cookies de terceros: enviadas y gestionadas por un tercero ajeno a Meritxell Vi\u00f1als Perich, de forma an\u00f3nima, con el fin de realizar estudios estad\u00edsticos de navegaci\u00f3n por las p\u00e1ginas web de Meritxell Vi\u00f1als Perich.<\/p>\t\t\t\t\t\t\t\t<\/div>\n\t\t\t\t<\/div>\n\t\t\t\t<div class=\"elementor-element elementor-element-2c0236b elementor-widget elementor-widget-text-editor\" data-id=\"2c0236b\" data-element_type=\"widget\" data-widget_type=\"text-editor.default\">\n\t\t\t\t<div class=\"elementor-widget-container\">\n\t\t\t\t\t\t\t\t\t<p><strong>CLASIFICADAS SEG\u00daN SU FINALIDAD:<\/strong><\/p>\t\t\t\t\t\t\t\t<\/div>\n\t\t\t\t<\/div>\n\t\t\t\t<div class=\"elementor-element elementor-element-a3bf8b7 elementor-widget elementor-widget-text-editor\" data-id=\"a3bf8b7\" data-element_type=\"widget\" data-widget_type=\"text-editor.default\">\n\t\t\t\t<div class=\"elementor-widget-container\">\n\t\t\t\t\t\t\t\t\t<p>Cookies t\u00e9cnicas y\/o de personalizaci\u00f3n: facilitan la navegaci\u00f3n al identificar la sesi\u00f3n, permitir el acceso a herramientas de acceso restringido, adem\u00e1s de configurar a medida las opciones disponibles. Posibilitan la prestaci\u00f3n del servicio previamente solicitado por el usuario.<br>Cookies de an\u00e1lisis y\/o publicidad: permiten conocer el n\u00famero de visitas recibidas en las diferentes secciones de las p\u00e1ginas web, los h\u00e1bitos y tendencias de sus usuarios y en consecuencia, poder mejorar la navegaci\u00f3n y el servicio ofrecido por Meritxell Vi\u00f1als Perich (fundamentalmente Google Analytics), as\u00ed como gestionar los espacios publicitarios incluidos en la p\u00e1gina web visitada por el usuario. Recoge datos de forma an\u00f3nima con el fin de obtener perfiles de navegaci\u00f3n de los usuarios.<\/p>\t\t\t\t\t\t\t\t<\/div>\n\t\t\t\t<\/div>\n\t\t\t\t<div class=\"elementor-element elementor-element-d4eb483 elementor-widget elementor-widget-text-editor\" data-id=\"d4eb483\" data-element_type=\"widget\" data-widget_type=\"text-editor.default\">\n\t\t\t\t<div class=\"elementor-widget-container\">\n\t\t\t\t\t\t\t\t\t<p><strong>CLASIFICADAS SEG\u00daN SU DURACI\u00d3N:<\/strong><\/p>\t\t\t\t\t\t\t\t<\/div>\n\t\t\t\t<\/div>\n\t\t\t\t<div class=\"elementor-element elementor-element-055493c elementor-widget elementor-widget-text-editor\" data-id=\"055493c\" data-element_type=\"widget\" data-widget_type=\"text-editor.default\">\n\t\t\t\t<div class=\"elementor-widget-container\">\n\t\t\t\t\t\t\t\t\t<p>Cookies de sesi\u00f3n: recogen y almacenan los datos mientras el usuario accede a la p\u00e1gina web.<br>Cookies persistentes: recaban y almacenan los datos en el terminal del usuario durante un per\u00edodo de tiempo variable en funci\u00f3n de cual sea la finalidad para la que han sido utilizadas.<\/p>\t\t\t\t\t\t\t\t<\/div>\n\t\t\t\t<\/div>\n\t\t\t\t<div class=\"elementor-element elementor-element-e35d911 elementor-widget elementor-widget-text-editor\" data-id=\"e35d911\" data-element_type=\"widget\" data-widget_type=\"text-editor.default\">\n\t\t\t\t<div class=\"elementor-widget-container\">\n\t\t\t\t\t\t\t\t\t<p>El tiempo de conservaci\u00f3n de las cookies depender\u00e1 del tipo de que se trate y ser\u00e1 siempre el m\u00ednimo indispensable para cumplir su finalidad.<\/p>\t\t\t\t\t\t\t\t<\/div>\n\t\t\t\t<\/div>\n\t\t\t\t<div class=\"elementor-element elementor-element-09b8dcc elementor-widget elementor-widget-text-editor\" data-id=\"09b8dcc\" data-element_type=\"widget\" data-widget_type=\"text-editor.default\">\n\t\t\t\t<div class=\"elementor-widget-container\">\n\t\t\t\t\t\t\t\t\t<p>En cualquier caso, los usuarios pueden configurar su navegador, de forma que se desactive o bloquee la recepci\u00f3n de todas o algunas de las cookies. El fet de no desitjar rebre aquestes cookies, no constitueix un impediment per poder accedir a la informaci\u00f3 dels llocs web de Meritxell Vi\u00f1als Perich encara que l&#8217;\u00fas d&#8217;alguns serveis podr\u00e0 ser limitat. Si una vez otorgado el consentimiento para la recepci\u00f3n de cookies se desea retirarlo, se eliminar\u00e1n aquellas cookies almacenadas en el equipo del usuario, a trav\u00e9s de las opciones de los diferentes navegadores.<\/p>\t\t\t\t\t\t\t\t<\/div>\n\t\t\t\t<\/div>\n\t\t\t\t<div class=\"elementor-element elementor-element-86bcf19 elementor-widget elementor-widget-text-editor\" data-id=\"86bcf19\" data-element_type=\"widget\" data-widget_type=\"text-editor.default\">\n\t\t\t\t<div class=\"elementor-widget-container\">\n\t\t\t\t\t\t\t\t\t<p>La forma de configurar los distintos navegadores para ejercitar las acciones se\u00f1aladas en los p\u00e1rrafos anteriores, se puede consultar en:<\/p>\t\t\t\t\t\t\t\t<\/div>\n\t\t\t\t<\/div>\n\t\t\t\t<div class=\"elementor-element elementor-element-74b3cbe elementor-widget elementor-widget-text-editor\" data-id=\"74b3cbe\" data-element_type=\"widget\" data-widget_type=\"text-editor.default\">\n\t\t\t\t<div class=\"elementor-widget-container\">\n\t\t\t\t\t\t\t\t\t<p>Explorer: https:\/\/support.microsoft.com\/es-es\/help\/17479\/windows-internet-explorer-11-change-security-privacy-settings<\/p><p>Chrome: https:\/\/support.google.com\/chrome\/answer\/95647?hl=es<\/p><p>Firefox: http:\/\/support.mozilla.org\/es\/kb\/cookies-informacion-que-los-sitios-web-guardan-en-?redirectlocale=en-US&amp;redirectslug=Cookies<\/p><p>Safari: https:\/\/support.apple.com\/kb\/ph21411?locale=es_ES<\/p>\t\t\t\t\t\t\t\t<\/div>\n\t\t\t\t<\/div>\n\t\t\t\t<div class=\"elementor-element elementor-element-1873a8e elementor-widget elementor-widget-text-editor\" data-id=\"1873a8e\" data-element_type=\"widget\" data-widget_type=\"text-editor.default\">\n\t\t\t\t<div class=\"elementor-widget-container\">\n\t\t\t\t\t\t\t\t\t<p><strong>GOOGLE ANALYTICS<\/strong><\/p>\t\t\t\t\t\t\t\t<\/div>\n\t\t\t\t<\/div>\n\t\t\t\t<div class=\"elementor-element elementor-element-d6da0a6 elementor-widget elementor-widget-text-editor\" data-id=\"d6da0a6\" data-element_type=\"widget\" data-widget_type=\"text-editor.default\">\n\t\t\t\t<div class=\"elementor-widget-container\">\n\t\t\t\t\t\t\t\t\t<p>Esta p\u00e1gina web utiliza Google Analytics, un servicio anal\u00edtico web proporcionado por Google, Inc. (Google, ahora en adelante). Google Analytics utiliza las llamadas \u00abcookies\u00bb, archivos de texto que se instalan en el ordenador y que hacen posible el an\u00e1lisis del comportamiento de los usuarios en Internet. La informaci\u00f3n que genera la cookie sobre el uso que realiza el usuario de la p\u00e1gina web se transmite y almacena generalmente en los servidores de Google de Estados Unidos. En caso de activar la opci\u00f3n de IP an\u00f3nima en la p\u00e1gina web, la direcci\u00f3n IP no aparecer\u00e1 completa dentro de los pa\u00edses de la Uni\u00f3n Europea o en los dem\u00e1s pa\u00edses que as\u00ed lo hayan acordado dentro del espacio econ\u00f3mico de la Uni\u00f3n Europea.<\/p>\t\t\t\t\t\t\t\t<\/div>\n\t\t\t\t<\/div>\n\t\t\t\t<div class=\"elementor-element elementor-element-b35bb70 elementor-widget elementor-widget-text-editor\" data-id=\"b35bb70\" data-element_type=\"widget\" data-widget_type=\"text-editor.default\">\n\t\t\t\t<div class=\"elementor-widget-container\">\n\t\t\t\t\t\t\t\t\t<p>S\u00f3lo excepcionalmente se transmitir\u00e1 la direcci\u00f3n IP completa a un servidor de Google en Estados Unidos y una vez all\u00ed se acortar\u00e1. \u00danicamente con autorizaci\u00f3n del usuario de la p\u00e1gina, Google utilizar\u00e1 esta informaci\u00f3n para valorar el comportamiento del usuario en la p\u00e1gina web, generar informes sobre las actividades de la p\u00e1gina y ofrecer al propietario de la p\u00e1gina servicios relacionados con el uso web y de Internet. La direcci\u00f3n IP transmitida por su navegador en el marco de Google Analytics no se asociar\u00e1 a otros datos de Google. El usuario puede evitar el almacenamiento de cookies configurando el navegador correspondientemente de forma que no se almacenen las cookies. Esta configuraci\u00f3n puede afectar a la plena funcionalidad de la p\u00e1gina web. Con el uso de esta web, el usuario est\u00e1 de acuerdo con el procesamiento de datos por Google de la forma anteriormente mencionada. El usuario tambi\u00e9n puede evitar el registro de los datos generados por las cookies y de los relacionados con el uso de la p\u00e1gina web (incluida la direcci\u00f3n IP), as\u00ed como el procesamiento de los mismos descargando e instalando el siguiente plugin para el navegador disponible a trav\u00e9s de este link:<\/p>\t\t\t\t\t\t\t\t<\/div>\n\t\t\t\t<\/div>\n\t\t\t\t<div class=\"elementor-element elementor-element-f2bca2c elementor-widget elementor-widget-text-editor\" data-id=\"f2bca2c\" data-element_type=\"widget\" data-widget_type=\"text-editor.default\">\n\t\t\t\t<div class=\"elementor-widget-container\">\n\t\t\t\t\t\t\t\t\t<p><a href=\"http:\/\/tools.google.com\/dlpage\/gaoptout\">http:\/\/tools.google.com\/dlpage\/gaoptout<\/a><\/p>\t\t\t\t\t\t\t\t<\/div>\n\t\t\t\t<\/div>\n\t\t\t\t<div class=\"elementor-element elementor-element-40438c3 elementor-widget elementor-widget-text-editor\" data-id=\"40438c3\" data-element_type=\"widget\" data-widget_type=\"text-editor.default\">\n\t\t\t\t<div class=\"elementor-widget-container\">\n\t\t\t\t\t\t\t\t\t<p>Obtenga m\u00e1s informaci\u00f3n sobre los t\u00e9rminos y condiciones de uso y pol\u00edtica de privacidad en las condiciones de uso de Google Analytics o en las condiciones generales de Google Analytics. Ten en cuenta que en esta p\u00e1gina el c\u00f3digo de Google analytics incluye la etiqueta \u00abgat._anonymizeIp();\u00bb, que asegura la recolecci\u00f3n de direcciones IP de forma an\u00f3nima (m\u00e1scara de IP).<\/p>\t\t\t\t\t\t\t\t<\/div>\n\t\t\t\t<\/div>\n\t\t\t\t\t<\/div>\n\t\t<\/div>\n\t\t\t\t\t<\/div>\n\t\t<\/section>\n\t\t\t\t<\/div>\n\t\t","protected":false},"excerpt":{"rendered":"<p>Meritxell Vi\u00f1als Perich, a trav\u00e9s del presente documento, recoge su Pol\u00edtica de recogida y tratamiento de cookies, en cumplimiento de lo dispuesto en el art\u00edculo&#8230;<\/p>\n","protected":false},"author":1,"featured_media":0,"parent":0,"menu_order":0,"comment_status":"closed","ping_status":"closed","template":"","meta":{"_monsterinsights_skip_tracking":false,"_monsterinsights_sitenote_active":false,"_monsterinsights_sitenote_note":"","_monsterinsights_sitenote_category":0,"_joinchat":[],"footnotes":""},"class_list":["post-1975","page","type-page","status-publish","hentry"],"yoast_head":"<!-- This site is optimized with the Yoast SEO plugin v26.5 - https:\/\/yoast.com\/wordpress\/plugins\/seo\/ -->\n<title>Pol\u00edtica de cookies - Herbes Salvatges<\/title>\n<meta name=\"robots\" content=\"noindex, follow\" \/>\n<meta property=\"og:locale\" content=\"es_ES\" \/>\n<meta property=\"og:type\" content=\"article\" \/>\n<meta property=\"og:title\" content=\"Pol\u00edtica de cookies - Herbes Salvatges\" \/>\n<meta property=\"og:description\" content=\"Meritxell Vi\u00f1als Perich, a trav\u00e9s del presente documento, recoge su Pol\u00edtica de recogida y tratamiento de cookies, en cumplimiento de lo dispuesto en el art\u00edculo...\" \/>\n<meta property=\"og:url\" content=\"https:\/\/www.herbessalvatges.com\/es\/politica-de-cookies\/\" \/>\n<meta property=\"og:site_name\" content=\"Herbes Salvatges\" \/>\n<meta property=\"article:modified_time\" content=\"2026-01-23T12:37:09+00:00\" \/>\n<meta name=\"twitter:card\" content=\"summary_large_image\" \/>\n<meta name=\"twitter:label1\" content=\"Tiempo de lectura\" \/>\n\t<meta name=\"twitter:data1\" content=\"6 minutos\" \/>\n<script type=\"application\/ld+json\" class=\"yoast-schema-graph\">{\"@context\":\"https:\/\/schema.org\",\"@graph\":[{\"@type\":\"WebPage\",\"@id\":\"https:\/\/www.herbessalvatges.com\/es\/politica-de-cookies\/\",\"url\":\"https:\/\/www.herbessalvatges.com\/es\/politica-de-cookies\/\",\"name\":\"Pol\u00edtica de cookies - Herbes Salvatges\",\"isPartOf\":{\"@id\":\"https:\/\/www.herbessalvatges.com\/es\/#website\"},\"datePublished\":\"2023-01-06T17:52:29+00:00\",\"dateModified\":\"2026-01-23T12:37:09+00:00\",\"breadcrumb\":{\"@id\":\"https:\/\/www.herbessalvatges.com\/es\/politica-de-cookies\/#breadcrumb\"},\"inLanguage\":\"es\",\"potentialAction\":[{\"@type\":\"ReadAction\",\"target\":[\"https:\/\/www.herbessalvatges.com\/es\/politica-de-cookies\/\"]}]},{\"@type\":\"BreadcrumbList\",\"@id\":\"https:\/\/www.herbessalvatges.com\/es\/politica-de-cookies\/#breadcrumb\",\"itemListElement\":[{\"@type\":\"ListItem\",\"position\":1,\"name\":\"Home\",\"item\":\"https:\/\/www.herbessalvatges.com\/es\/espacio-terapeutico-para-mejorar-tu-bienestar\/\"},{\"@type\":\"ListItem\",\"position\":2,\"name\":\"Pol\u00edtica de cookies\"}]},{\"@type\":\"WebSite\",\"@id\":\"https:\/\/www.herbessalvatges.com\/es\/#website\",\"url\":\"https:\/\/www.herbessalvatges.com\/es\/\",\"name\":\"Salut Conscient\",\"description\":\"Espai terap\u00e8utic per millorar el teu benestar amb Naturopatia, alimentaci\u00f3 conscient i suplementaci\u00f3 natural.\",\"publisher\":{\"@id\":\"https:\/\/www.herbessalvatges.com\/es\/#organization\"},\"potentialAction\":[{\"@type\":\"SearchAction\",\"target\":{\"@type\":\"EntryPoint\",\"urlTemplate\":\"https:\/\/www.herbessalvatges.com\/es\/?s={search_term_string}\"},\"query-input\":{\"@type\":\"PropertyValueSpecification\",\"valueRequired\":true,\"valueName\":\"search_term_string\"}}],\"inLanguage\":\"es\"},{\"@type\":\"Organization\",\"@id\":\"https:\/\/www.herbessalvatges.com\/es\/#organization\",\"name\":\"Salut Conscient\",\"url\":\"https:\/\/www.herbessalvatges.com\/es\/\",\"logo\":{\"@type\":\"ImageObject\",\"inLanguage\":\"es\",\"@id\":\"https:\/\/www.herbessalvatges.com\/es\/#\/schema\/logo\/image\/\",\"url\":\"https:\/\/www.herbessalvatges.com\/wp-content\/uploads\/2022\/10\/logo-txell.png\",\"contentUrl\":\"https:\/\/www.herbessalvatges.com\/wp-content\/uploads\/2022\/10\/logo-txell.png\",\"width\":866,\"height\":102,\"caption\":\"Salut Conscient\"},\"image\":{\"@id\":\"https:\/\/www.herbessalvatges.com\/es\/#\/schema\/logo\/image\/\"}}]}<\/script>\n<!-- \/ Yoast SEO plugin. -->","yoast_head_json":{"title":"Pol\u00edtica de cookies - Herbes Salvatges","robots":{"index":"noindex","follow":"follow"},"og_locale":"es_ES","og_type":"article","og_title":"Pol\u00edtica de cookies - Herbes Salvatges","og_description":"Meritxell Vi\u00f1als Perich, a trav\u00e9s del presente documento, recoge su Pol\u00edtica de recogida y tratamiento de cookies, en cumplimiento de lo dispuesto en el art\u00edculo...","og_url":"https:\/\/www.herbessalvatges.com\/es\/politica-de-cookies\/","og_site_name":"Herbes Salvatges","article_modified_time":"2026-01-23T12:37:09+00:00","twitter_card":"summary_large_image","twitter_misc":{"Tiempo de lectura":"6 minutos"},"schema":{"@context":"https:\/\/schema.org","@graph":[{"@type":"WebPage","@id":"https:\/\/www.herbessalvatges.com\/es\/politica-de-cookies\/","url":"https:\/\/www.herbessalvatges.com\/es\/politica-de-cookies\/","name":"Pol\u00edtica de cookies - Herbes Salvatges","isPartOf":{"@id":"https:\/\/www.herbessalvatges.com\/es\/#website"},"datePublished":"2023-01-06T17:52:29+00:00","dateModified":"2026-01-23T12:37:09+00:00","breadcrumb":{"@id":"https:\/\/www.herbessalvatges.com\/es\/politica-de-cookies\/#breadcrumb"},"inLanguage":"es","potentialAction":[{"@type":"ReadAction","target":["https:\/\/www.herbessalvatges.com\/es\/politica-de-cookies\/"]}]},{"@type":"BreadcrumbList","@id":"https:\/\/www.herbessalvatges.com\/es\/politica-de-cookies\/#breadcrumb","itemListElement":[{"@type":"ListItem","position":1,"name":"Home","item":"https:\/\/www.herbessalvatges.com\/es\/espacio-terapeutico-para-mejorar-tu-bienestar\/"},{"@type":"ListItem","position":2,"name":"Pol\u00edtica de cookies"}]},{"@type":"WebSite","@id":"https:\/\/www.herbessalvatges.com\/es\/#website","url":"https:\/\/www.herbessalvatges.com\/es\/","name":"Salut Conscient","description":"Espai terap\u00e8utic per millorar el teu benestar amb Naturopatia, alimentaci\u00f3 conscient i suplementaci\u00f3 natural.","publisher":{"@id":"https:\/\/www.herbessalvatges.com\/es\/#organization"},"potentialAction":[{"@type":"SearchAction","target":{"@type":"EntryPoint","urlTemplate":"https:\/\/www.herbessalvatges.com\/es\/?s={search_term_string}"},"query-input":{"@type":"PropertyValueSpecification","valueRequired":true,"valueName":"search_term_string"}}],"inLanguage":"es"},{"@type":"Organization","@id":"https:\/\/www.herbessalvatges.com\/es\/#organization","name":"Salut Conscient","url":"https:\/\/www.herbessalvatges.com\/es\/","logo":{"@type":"ImageObject","inLanguage":"es","@id":"https:\/\/www.herbessalvatges.com\/es\/#\/schema\/logo\/image\/","url":"https:\/\/www.herbessalvatges.com\/wp-content\/uploads\/2022\/10\/logo-txell.png","contentUrl":"https:\/\/www.herbessalvatges.com\/wp-content\/uploads\/2022\/10\/logo-txell.png","width":866,"height":102,"caption":"Salut Conscient"},"image":{"@id":"https:\/\/www.herbessalvatges.com\/es\/#\/schema\/logo\/image\/"}}]}},"_links":{"self":[{"href":"https:\/\/www.herbessalvatges.com\/es\/wp-json\/wp\/v2\/pages\/1975","targetHints":{"allow":["GET"]}}],"collection":[{"href":"https:\/\/www.herbessalvatges.com\/es\/wp-json\/wp\/v2\/pages"}],"about":[{"href":"https:\/\/www.herbessalvatges.com\/es\/wp-json\/wp\/v2\/types\/page"}],"author":[{"embeddable":true,"href":"https:\/\/www.herbessalvatges.com\/es\/wp-json\/wp\/v2\/users\/1"}],"replies":[{"embeddable":true,"href":"https:\/\/www.herbessalvatges.com\/es\/wp-json\/wp\/v2\/comments?post=1975"}],"version-history":[{"count":3,"href":"https:\/\/www.herbessalvatges.com\/es\/wp-json\/wp\/v2\/pages\/1975\/revisions"}],"predecessor-version":[{"id":3420,"href":"https:\/\/www.herbessalvatges.com\/es\/wp-json\/wp\/v2\/pages\/1975\/revisions\/3420"}],"wp:attachment":[{"href":"https:\/\/www.herbessalvatges.com\/es\/wp-json\/wp\/v2\/media?parent=1975"}],"curies":[{"name":"wp","href":"https:\/\/api.w.org\/{rel}","templated":true}]}}