{"id":2297,"date":"2023-01-06T13:39:45","date_gmt":"2023-01-06T11:39:45","guid":{"rendered":"http:\/\/herbessalvatges.com.mialias.net\/politica-de-privacidad-2\/"},"modified":"2024-02-16T13:33:55","modified_gmt":"2024-02-16T11:33:55","slug":"politica-de-privacidad-2","status":"publish","type":"page","link":"https:\/\/www.herbessalvatges.com\/es\/politica-de-privacidad-2\/","title":{"rendered":"Pol\u00edtica de privacidad"},"content":{"rendered":"\t\t<div data-elementor-type=\"wp-page\" data-elementor-id=\"2297\" class=\"elementor elementor-2297 elementor-2150\">\n\t\t\t\t\t\t<section class=\"elementor-section elementor-top-section elementor-element elementor-element-c23abb7 elementor-section-boxed elementor-section-height-default elementor-section-height-default parallax_section_no qode_elementor_container_no\" data-id=\"c23abb7\" data-element_type=\"section\">\n\t\t\t\t\t\t<div class=\"elementor-container elementor-column-gap-default\">\n\t\t\t\t\t<div class=\"elementor-column elementor-col-100 elementor-top-column elementor-element elementor-element-ec48786\" data-id=\"ec48786\" data-element_type=\"column\">\n\t\t\t<div class=\"elementor-widget-wrap elementor-element-populated\">\n\t\t\t\t\t\t<div class=\"elementor-element elementor-element-a59d350 elementor-widget elementor-widget-text-editor\" data-id=\"a59d350\" data-element_type=\"widget\" data-widget_type=\"text-editor.default\">\n\t\t\t\t<div class=\"elementor-widget-container\">\n\t\t\t\t\t\t\t\t\t<p>A efectos de lo previsto en el Reglamento (UE) 2016\/679 de 27 de abril de 2016 Meritxell Vi\u00f1als Perich, S.L. con DNI 52161198G informa al Usuario que sus datos de car\u00e1cter personal ser\u00e1n tratados con el fin de prestarle los servicios solicitados y enviarle la informaci\u00f3n sobre nuestra empresa que pueda ser de su inter\u00e9s.<\/p>\n\t\t\t\t\t\t\t\t<\/div>\n\t\t\t\t<\/div>\n\t\t\t\t<div class=\"elementor-element elementor-element-60bd370 elementor-widget elementor-widget-text-editor\" data-id=\"60bd370\" data-element_type=\"widget\" data-widget_type=\"text-editor.default\">\n\t\t\t\t<div class=\"elementor-widget-container\">\n\t\t\t\t\t\t\t\t\t<p><strong>ENVIO Y REGISTRO DE DATOS DE CAR\u00c1CTER PERSONAL<\/strong><\/p>\n\t\t\t\t\t\t\t\t<\/div>\n\t\t\t\t<\/div>\n\t\t\t\t<div class=\"elementor-element elementor-element-a678e61 elementor-widget elementor-widget-text-editor\" data-id=\"a678e61\" data-element_type=\"widget\" data-widget_type=\"text-editor.default\">\n\t\t\t\t<div class=\"elementor-widget-container\">\n\t\t\t\t\t\t\t\t\t<p>El env\u00edo de datos de car\u00e1cter personal es obligatorio para contactar y recibir informaci\u00f3n sobre los servicios prestados por Meritxell Vi\u00f1als Perich. Asimismo, no facilitar los datos personales solicitados o no aceptar la presente pol\u00edtica de protecci\u00f3n de datos supone la imposibilidad de suscribirse, registrarse o recibir informaci\u00f3n de estos servicios.<\/p>\n\t\t\t\t\t\t\t\t<\/div>\n\t\t\t\t<\/div>\n\t\t\t\t<div class=\"elementor-element elementor-element-b662b69 elementor-widget elementor-widget-text-editor\" data-id=\"b662b69\" data-element_type=\"widget\" data-widget_type=\"text-editor.default\">\n\t\t\t\t<div class=\"elementor-widget-container\">\n\t\t\t\t\t\t\t\t\t<p>Cuando los datos de car\u00e1cter personal sean obtenidos del Usuario a trav\u00e9s de redes de comunicaciones electr\u00f3nicas o en el marco de la prestaci\u00f3n de un servicio de la sociedad de la informaci\u00f3n, as\u00ed como en aquellos otros supuestos expresamente establecidos por la ley o cuando as\u00ed lo autorice la Agencia Espa\u00f1ola de Protecci\u00f3n de Datos, el responsable del tratamiento podr\u00e1 dar cumplimiento al deber de informaci\u00f3n establecido en el art\u00edculo 13 del Reglamento (UE) 2016\/679 facilitando al afectado al menos la siguiente informaci\u00f3n b\u00e1sica:<\/p>\n\t\t\t\t\t\t\t\t<\/div>\n\t\t\t\t<\/div>\n\t\t\t\t<div class=\"elementor-element elementor-element-512187e elementor-widget elementor-widget-text-editor\" data-id=\"512187e\" data-element_type=\"widget\" data-widget_type=\"text-editor.default\">\n\t\t\t\t<div class=\"elementor-widget-container\">\n\t\t\t\t\t\t\t\t\t<p>a) La identidad del responsable del tratamiento y de su representante, en su caso.<br \/>b) La finalidad del tratamiento.<br \/>c) La forma en que el afectado podr\u00e1 ejercitar los derechos establecidos en los art\u00edculos 15 a 22 del Reglamento (UE) 2016\/679.<\/p>\n\t\t\t\t\t\t\t\t<\/div>\n\t\t\t\t<\/div>\n\t\t\t\t<div class=\"elementor-element elementor-element-8e33c6e elementor-widget elementor-widget-text-editor\" data-id=\"8e33c6e\" data-element_type=\"widget\" data-widget_type=\"text-editor.default\">\n\t\t\t\t<div class=\"elementor-widget-container\">\n\t\t\t\t\t\t\t\t\t<p>Sin embargo, los responsables y encargados del tratamiento o, en su caso, sus representantes deber\u00e1n mantener el registro de actividades de tratamiento a que se refiere el art\u00edculo 30 del Reglamento (UE) 2016\/679, salvo que la empresa o organizaci\u00f3n ocupen menos de 250 personas, con la salvedad de que el tratamiento que realice pueda comportar un riesgo para los derechos y libertades de los interesados, no sea ocasional, o incluya categor\u00edas especiales de datos personales indicadas en el art\u00edculo 9, apartado 1, o datos personales relativos a condenas e infracciones penales a las que se refiere el art\u00edculo 10 del Reglamento (UE) 2016\/679.<\/p>\n\t\t\t\t\t\t\t\t<\/div>\n\t\t\t\t<\/div>\n\t\t\t\t<div class=\"elementor-element elementor-element-7d0333d elementor-widget elementor-widget-text-editor\" data-id=\"7d0333d\" data-element_type=\"widget\" data-widget_type=\"text-editor.default\">\n\t\t\t\t<div class=\"elementor-widget-container\">\n\t\t\t\t\t\t\t\t\t<p>Sin embargo, los responsables y encargados del tratamiento o, en su caso, sus representantes deber\u00e1n mantener el registro de actividades de tratamiento a que se refiere el art\u00edculo 30 del Reglamento (UE) 2016\/679, salvo que la empresa o organizaci\u00f3n ocupen menos de 250 personas, con la salvedad de que el tratamiento que realice pueda comportar un riesgo para los derechos y libertades de los interesados, no sea ocasional, o incluya categor\u00edas especiales de datos personales indicadas en el art\u00edculo 9, apartado 1, o datos personales relativos a condenas e infracciones penales a las que se refiere el art\u00edculo 10 del Reglamento (UE) 2016\/679.<\/p>\n\t\t\t\t\t\t\t\t<\/div>\n\t\t\t\t<\/div>\n\t\t\t\t<div class=\"elementor-element elementor-element-effa0b6 elementor-widget elementor-widget-text-editor\" data-id=\"effa0b6\" data-element_type=\"widget\" data-widget_type=\"text-editor.default\">\n\t\t\t\t<div class=\"elementor-widget-container\">\n\t\t\t\t\t\t\t\t\t<p>Por \u00faltimo, el art\u00edculo 5.1.f) del Reglamento (UE) 2016\/679 determina la necesidad de establecer garant\u00edas de seguridad adecuadas contra el tratamiento no autorizado o il\u00edcito, contra la p\u00e9rdida de los datos personales, la destrucci\u00f3n o el da\u00f1o accidental. Esto implica el establecimiento de medidas t\u00e9cnicas y organizativas encaminadas a asegurar la integridad y confidencialidad de los datos personales y la posibilidad (art\u00edculo 5.2) de demostrar que estas medidas se han llevado a la pr\u00e1ctica (responsabilidad proactiva).<\/p>\n\t\t\t\t\t\t\t\t<\/div>\n\t\t\t\t<\/div>\n\t\t\t\t<div class=\"elementor-element elementor-element-a7750fe elementor-widget elementor-widget-text-editor\" data-id=\"a7750fe\" data-element_type=\"widget\" data-widget_type=\"text-editor.default\">\n\t\t\t\t<div class=\"elementor-widget-container\">\n\t\t\t\t\t\t\t\t\t<p><strong>EXACTITUD Y VERACIDAD DE LOS DATOS FACILITADOS<\/strong><\/p>\n\t\t\t\t\t\t\t\t<\/div>\n\t\t\t\t<\/div>\n\t\t\t\t<div class=\"elementor-element elementor-element-00e5523 elementor-widget elementor-widget-text-editor\" data-id=\"00e5523\" data-element_type=\"widget\" data-widget_type=\"text-editor.default\">\n\t\t\t\t<div class=\"elementor-widget-container\">\n\t\t\t\t\t\t\t\t\t<p>El Usuario que env\u00eda la informaci\u00f3n a Meritxell Vi\u00f1als Perich es el \u00fanico responsable de la veracidad y correcci\u00f3n de los datos incluidos, exoner\u00e1ndose Meritxell Vi\u00f1als Perich de cualquier responsabilidad al respecto.<\/p>\n\t\t\t\t\t\t\t\t<\/div>\n\t\t\t\t<\/div>\n\t\t\t\t<div class=\"elementor-element elementor-element-66c9af2 elementor-widget elementor-widget-text-editor\" data-id=\"66c9af2\" data-element_type=\"widget\" data-widget_type=\"text-editor.default\">\n\t\t\t\t<div class=\"elementor-widget-container\">\n\t\t\t\t\t\t\t\t\t<p>Los usuarios garantizan y responden, en cualquier caso, de la exactitud, vigencia y autenticidad de los datos personales facilitados, comprometi\u00e9ndose a mantenerlos debidamente actualizados. El Usuario acepta proporcionar informaci\u00f3n completa y correcta en el formulario de registro o suscripci\u00f3n.<\/p>\n\t\t\t\t\t\t\t\t<\/div>\n\t\t\t\t<\/div>\n\t\t\t\t<div class=\"elementor-element elementor-element-ae5b79d elementor-widget elementor-widget-text-editor\" data-id=\"ae5b79d\" data-element_type=\"widget\" data-widget_type=\"text-editor.default\">\n\t\t\t\t<div class=\"elementor-widget-container\">\n\t\t\t\t\t\t\t\t\t<p>Meritxell Vi\u00f1als Perich no responde de la veracidad de las informaciones que no sean de elaboraci\u00f3n propia y de las que se indique otra fuente, por lo que tampoco asume responsabilidad alguna en cuanto a hipot\u00e9ticos perjuicios que pudieran originarse por el uso de esta informaci\u00f3n. Se exonera a Meritxell Vi\u00f1als Perich de responsabilidad ante cualquier da\u00f1o o perjuicio que pudiera sufrir el Usuario como consecuencia de errores, defectos u omisiones, en la informaci\u00f3n facilitada por Meritxell Vi\u00f1als Perich siempre que proceda de fuentes ajenas a Meritxell Vi\u00f1als Perich.<\/p>\n\t\t\t\t\t\t\t\t<\/div>\n\t\t\t\t<\/div>\n\t\t\t\t<div class=\"elementor-element elementor-element-8c32fb2 elementor-widget elementor-widget-text-editor\" data-id=\"8c32fb2\" data-element_type=\"widget\" data-widget_type=\"text-editor.default\">\n\t\t\t\t<div class=\"elementor-widget-container\">\n\t\t\t\t\t\t\t\t\t<p><strong>CESI\u00d3N DE DATOS A TERCEROS<\/strong><\/p>\n\t\t\t\t\t\t\t\t<\/div>\n\t\t\t\t<\/div>\n\t\t\t\t<div class=\"elementor-element elementor-element-533ef71 elementor-widget elementor-widget-text-editor\" data-id=\"533ef71\" data-element_type=\"widget\" data-widget_type=\"text-editor.default\">\n\t\t\t\t<div class=\"elementor-widget-container\">\n\t\t\t\t\t\t\t\t\t<p>Meritxell Vi\u00f1als Perich no ceder\u00e1 sus datos personales a terceros. Sin embargo, en el caso de ser cedidos a alg\u00fan tercero se producir\u00eda una informaci\u00f3n previa solicitando el consentimiento expreso del afectado en virtud del art\u00edculo 4.11 del Reglamento (UE) 2016\/679 de 27 de abril de 2016 .<\/p>\n\t\t\t\t\t\t\t\t<\/div>\n\t\t\t\t<\/div>\n\t\t\t\t<div class=\"elementor-element elementor-element-d64e30f elementor-widget elementor-widget-text-editor\" data-id=\"d64e30f\" data-element_type=\"widget\" data-widget_type=\"text-editor.default\">\n\t\t\t\t<div class=\"elementor-widget-container\">\n\t\t\t\t\t\t\t\t\t<p><strong>CONSERVACI\u00d3N DE LOS DATOS<\/strong><\/p>\n\t\t\t\t\t\t\t\t<\/div>\n\t\t\t\t<\/div>\n\t\t\t\t<div class=\"elementor-element elementor-element-a812431 elementor-widget elementor-widget-text-editor\" data-id=\"a812431\" data-element_type=\"widget\" data-widget_type=\"text-editor.default\">\n\t\t\t\t<div class=\"elementor-widget-container\">\n\t\t\t\t\t\t\t\t\t<p>En cualquier caso, el tiempo de conservaci\u00f3n ser\u00e1 el indispensable, pudiendo mantenerse como m\u00ednimo:<\/p>\n\t\t\t\t\t\t\t\t<\/div>\n\t\t\t\t<\/div>\n\t\t\t\t<div class=\"elementor-element elementor-element-eed8b2f elementor-widget elementor-widget-text-editor\" data-id=\"eed8b2f\" data-element_type=\"widget\" data-widget_type=\"text-editor.default\">\n\t\t\t\t<div class=\"elementor-widget-container\">\n\t\t\t\t\t\t\t\t\t<p>4 a\u00f1os: Ley sobre infracciones y sanciones en el orden social (obligaciones en materia de afiliaci\u00f3n, altas, bajas, cotizaci\u00f3n, pago de salarios&#8230;); Artes. 66 y s. Ley general tributaria (libros de contabilidad&#8230;).<br \/>5 a\u00f1os: Art. 1964 C\u00f3digo Civil (acciones personales sin plazo especial).<br \/>6 a\u00f1os: Art. 30 C\u00f3digo de Comercio (libros de contabilidad, facturas\u2026).<br \/>10 a\u00f1os: Art. 25 Ley de Prevenci\u00f3n del Blanqueo de Capitales y Financiaci\u00f3n del Terrorismo.<\/p>\n\t\t\t\t\t\t\t\t<\/div>\n\t\t\t\t<\/div>\n\t\t\t\t<div class=\"elementor-element elementor-element-dde4b5b elementor-widget elementor-widget-text-editor\" data-id=\"dde4b5b\" data-element_type=\"widget\" data-widget_type=\"text-editor.default\">\n\t\t\t\t<div class=\"elementor-widget-container\">\n\t\t\t\t\t\t\t\t\t<p><strong>EJERCICIO DE DERECHOS DE ACCESO, RECTIFICACI\u00d3N, SUPRESI\u00d3N, LIMITACI\u00d3N, PORTABILIDAD Y OPOSICI\u00d3N<\/strong><\/p>\n\t\t\t\t\t\t\t\t<\/div>\n\t\t\t\t<\/div>\n\t\t\t\t<div class=\"elementor-element elementor-element-a74deec elementor-widget elementor-widget-text-editor\" data-id=\"a74deec\" data-element_type=\"widget\" data-widget_type=\"text-editor.default\">\n\t\t\t\t<div class=\"elementor-widget-container\">\n\t\t\t\t\t\t\t\t\t<p>Podr\u00e1 dirigir sus comunicaciones y ejercitar los derechos de acceso, rectificaci\u00f3n, supresi\u00f3n, limitaci\u00f3n, portabilidad y oposici\u00f3n a trav\u00e9s de correo postal en Nuestra Se\u00f1ora de N\u00faria, 1, 08401 GRANOLLERS, Barcelona o en el email hola@saludconscient.com junto con prueba v\u00e1lida en derecho, como fotocopia del D.N.I. e indicando en el asunto \u00abPROTECCI\u00d3N DE DATOS\u00bb.<\/p>\n\t\t\t\t\t\t\t\t<\/div>\n\t\t\t\t<\/div>\n\t\t\t\t<div class=\"elementor-element elementor-element-e37696c elementor-widget elementor-widget-text-editor\" data-id=\"e37696c\" data-element_type=\"widget\" data-widget_type=\"text-editor.default\">\n\t\t\t\t<div class=\"elementor-widget-container\">\n\t\t\t\t\t\t\t\t\t<p><strong>ACEPTACI\u00d3N Y CONSENTIMIENTO<\/strong><\/p>\n\t\t\t\t\t\t\t\t<\/div>\n\t\t\t\t<\/div>\n\t\t\t\t<div class=\"elementor-element elementor-element-99c75c2 elementor-widget elementor-widget-text-editor\" data-id=\"99c75c2\" data-element_type=\"widget\" data-widget_type=\"text-editor.default\">\n\t\t\t\t<div class=\"elementor-widget-container\">\n\t\t\t\t\t\t\t\t\t<p>El Usuario declara haber sido informado de las condiciones sobre protecci\u00f3n de datos de car\u00e1cter personal, aceptando y consintiendo el tratamiento de las mismas por parte de Meritxell Vi\u00f1als Perich, en la forma y para las finalidades indicadas en la presente Pol\u00edtica de Protecci\u00f3n de Datos Personales.<\/p>\n\t\t\t\t\t\t\t\t<\/div>\n\t\t\t\t<\/div>\n\t\t\t\t\t<\/div>\n\t\t<\/div>\n\t\t\t\t\t<\/div>\n\t\t<\/section>\n\t\t\t\t<\/div>\n\t\t","protected":false},"excerpt":{"rendered":"<p>A efectos de lo previsto en el Reglamento (UE) 2016\/679 de 27 de abril de 2016 Meritxell Vi\u00f1als Perich, S.L. con DNI 52161198G informa al&#8230;<\/p>\n","protected":false},"author":1,"featured_media":0,"parent":0,"menu_order":0,"comment_status":"closed","ping_status":"closed","template":"","meta":{"_monsterinsights_skip_tracking":false,"_monsterinsights_sitenote_active":false,"_monsterinsights_sitenote_note":"","_monsterinsights_sitenote_category":0,"_joinchat":[],"footnotes":""},"class_list":["post-2297","page","type-page","status-publish","hentry"],"yoast_head":"<!-- This site is optimized with the Yoast SEO plugin v26.5 - https:\/\/yoast.com\/wordpress\/plugins\/seo\/ -->\n<title>Pol\u00edtica de privacidad - Herbes Salvatges<\/title>\n<meta name=\"robots\" content=\"noindex, follow\" \/>\n<meta property=\"og:locale\" content=\"es_ES\" \/>\n<meta property=\"og:type\" content=\"article\" \/>\n<meta property=\"og:title\" content=\"Pol\u00edtica de privacidad - Herbes Salvatges\" \/>\n<meta property=\"og:description\" content=\"A efectos de lo previsto en el Reglamento (UE) 2016\/679 de 27 de abril de 2016 Meritxell Vi\u00f1als Perich, S.L. con DNI 52161198G informa al...\" \/>\n<meta property=\"og:url\" content=\"https:\/\/www.herbessalvatges.com\/es\/politica-de-privacidad-2\/\" \/>\n<meta property=\"og:site_name\" content=\"Herbes Salvatges\" \/>\n<meta property=\"article:modified_time\" content=\"2024-02-16T11:33:55+00:00\" \/>\n<meta name=\"twitter:card\" content=\"summary_large_image\" \/>\n<meta name=\"twitter:label1\" content=\"Tiempo de lectura\" \/>\n\t<meta name=\"twitter:data1\" content=\"5 minutos\" \/>\n<script type=\"application\/ld+json\" class=\"yoast-schema-graph\">{\"@context\":\"https:\/\/schema.org\",\"@graph\":[{\"@type\":\"WebPage\",\"@id\":\"https:\/\/www.herbessalvatges.com\/es\/politica-de-privacidad-2\/\",\"url\":\"https:\/\/www.herbessalvatges.com\/es\/politica-de-privacidad-2\/\",\"name\":\"Pol\u00edtica de privacidad - Herbes Salvatges\",\"isPartOf\":{\"@id\":\"https:\/\/www.herbessalvatges.com\/es\/#website\"},\"datePublished\":\"2023-01-06T11:39:45+00:00\",\"dateModified\":\"2024-02-16T11:33:55+00:00\",\"breadcrumb\":{\"@id\":\"https:\/\/www.herbessalvatges.com\/es\/politica-de-privacidad-2\/#breadcrumb\"},\"inLanguage\":\"es\",\"potentialAction\":[{\"@type\":\"ReadAction\",\"target\":[\"https:\/\/www.herbessalvatges.com\/es\/politica-de-privacidad-2\/\"]}]},{\"@type\":\"BreadcrumbList\",\"@id\":\"https:\/\/www.herbessalvatges.com\/es\/politica-de-privacidad-2\/#breadcrumb\",\"itemListElement\":[{\"@type\":\"ListItem\",\"position\":1,\"name\":\"Home\",\"item\":\"https:\/\/www.herbessalvatges.com\/es\/espacio-terapeutico-para-mejorar-tu-bienestar\/\"},{\"@type\":\"ListItem\",\"position\":2,\"name\":\"Pol\u00edtica de privacidad\"}]},{\"@type\":\"WebSite\",\"@id\":\"https:\/\/www.herbessalvatges.com\/es\/#website\",\"url\":\"https:\/\/www.herbessalvatges.com\/es\/\",\"name\":\"Salut Conscient\",\"description\":\"Espai terap\u00e8utic per millorar el teu benestar amb Naturopatia, alimentaci\u00f3 conscient i suplementaci\u00f3 natural.\",\"publisher\":{\"@id\":\"https:\/\/www.herbessalvatges.com\/es\/#organization\"},\"potentialAction\":[{\"@type\":\"SearchAction\",\"target\":{\"@type\":\"EntryPoint\",\"urlTemplate\":\"https:\/\/www.herbessalvatges.com\/es\/?s={search_term_string}\"},\"query-input\":{\"@type\":\"PropertyValueSpecification\",\"valueRequired\":true,\"valueName\":\"search_term_string\"}}],\"inLanguage\":\"es\"},{\"@type\":\"Organization\",\"@id\":\"https:\/\/www.herbessalvatges.com\/es\/#organization\",\"name\":\"Salut Conscient\",\"url\":\"https:\/\/www.herbessalvatges.com\/es\/\",\"logo\":{\"@type\":\"ImageObject\",\"inLanguage\":\"es\",\"@id\":\"https:\/\/www.herbessalvatges.com\/es\/#\/schema\/logo\/image\/\",\"url\":\"https:\/\/www.herbessalvatges.com\/wp-content\/uploads\/2022\/10\/logo-txell.png\",\"contentUrl\":\"https:\/\/www.herbessalvatges.com\/wp-content\/uploads\/2022\/10\/logo-txell.png\",\"width\":866,\"height\":102,\"caption\":\"Salut Conscient\"},\"image\":{\"@id\":\"https:\/\/www.herbessalvatges.com\/es\/#\/schema\/logo\/image\/\"}}]}<\/script>\n<!-- \/ Yoast SEO plugin. -->","yoast_head_json":{"title":"Pol\u00edtica de privacidad - Herbes Salvatges","robots":{"index":"noindex","follow":"follow"},"og_locale":"es_ES","og_type":"article","og_title":"Pol\u00edtica de privacidad - Herbes Salvatges","og_description":"A efectos de lo previsto en el Reglamento (UE) 2016\/679 de 27 de abril de 2016 Meritxell Vi\u00f1als Perich, S.L. con DNI 52161198G informa al...","og_url":"https:\/\/www.herbessalvatges.com\/es\/politica-de-privacidad-2\/","og_site_name":"Herbes Salvatges","article_modified_time":"2024-02-16T11:33:55+00:00","twitter_card":"summary_large_image","twitter_misc":{"Tiempo de lectura":"5 minutos"},"schema":{"@context":"https:\/\/schema.org","@graph":[{"@type":"WebPage","@id":"https:\/\/www.herbessalvatges.com\/es\/politica-de-privacidad-2\/","url":"https:\/\/www.herbessalvatges.com\/es\/politica-de-privacidad-2\/","name":"Pol\u00edtica de privacidad - Herbes Salvatges","isPartOf":{"@id":"https:\/\/www.herbessalvatges.com\/es\/#website"},"datePublished":"2023-01-06T11:39:45+00:00","dateModified":"2024-02-16T11:33:55+00:00","breadcrumb":{"@id":"https:\/\/www.herbessalvatges.com\/es\/politica-de-privacidad-2\/#breadcrumb"},"inLanguage":"es","potentialAction":[{"@type":"ReadAction","target":["https:\/\/www.herbessalvatges.com\/es\/politica-de-privacidad-2\/"]}]},{"@type":"BreadcrumbList","@id":"https:\/\/www.herbessalvatges.com\/es\/politica-de-privacidad-2\/#breadcrumb","itemListElement":[{"@type":"ListItem","position":1,"name":"Home","item":"https:\/\/www.herbessalvatges.com\/es\/espacio-terapeutico-para-mejorar-tu-bienestar\/"},{"@type":"ListItem","position":2,"name":"Pol\u00edtica de privacidad"}]},{"@type":"WebSite","@id":"https:\/\/www.herbessalvatges.com\/es\/#website","url":"https:\/\/www.herbessalvatges.com\/es\/","name":"Salut Conscient","description":"Espai terap\u00e8utic per millorar el teu benestar amb Naturopatia, alimentaci\u00f3 conscient i suplementaci\u00f3 natural.","publisher":{"@id":"https:\/\/www.herbessalvatges.com\/es\/#organization"},"potentialAction":[{"@type":"SearchAction","target":{"@type":"EntryPoint","urlTemplate":"https:\/\/www.herbessalvatges.com\/es\/?s={search_term_string}"},"query-input":{"@type":"PropertyValueSpecification","valueRequired":true,"valueName":"search_term_string"}}],"inLanguage":"es"},{"@type":"Organization","@id":"https:\/\/www.herbessalvatges.com\/es\/#organization","name":"Salut Conscient","url":"https:\/\/www.herbessalvatges.com\/es\/","logo":{"@type":"ImageObject","inLanguage":"es","@id":"https:\/\/www.herbessalvatges.com\/es\/#\/schema\/logo\/image\/","url":"https:\/\/www.herbessalvatges.com\/wp-content\/uploads\/2022\/10\/logo-txell.png","contentUrl":"https:\/\/www.herbessalvatges.com\/wp-content\/uploads\/2022\/10\/logo-txell.png","width":866,"height":102,"caption":"Salut Conscient"},"image":{"@id":"https:\/\/www.herbessalvatges.com\/es\/#\/schema\/logo\/image\/"}}]}},"_links":{"self":[{"href":"https:\/\/www.herbessalvatges.com\/es\/wp-json\/wp\/v2\/pages\/2297","targetHints":{"allow":["GET"]}}],"collection":[{"href":"https:\/\/www.herbessalvatges.com\/es\/wp-json\/wp\/v2\/pages"}],"about":[{"href":"https:\/\/www.herbessalvatges.com\/es\/wp-json\/wp\/v2\/types\/page"}],"author":[{"embeddable":true,"href":"https:\/\/www.herbessalvatges.com\/es\/wp-json\/wp\/v2\/users\/1"}],"replies":[{"embeddable":true,"href":"https:\/\/www.herbessalvatges.com\/es\/wp-json\/wp\/v2\/comments?post=2297"}],"version-history":[{"count":4,"href":"https:\/\/www.herbessalvatges.com\/es\/wp-json\/wp\/v2\/pages\/2297\/revisions"}],"predecessor-version":[{"id":3069,"href":"https:\/\/www.herbessalvatges.com\/es\/wp-json\/wp\/v2\/pages\/2297\/revisions\/3069"}],"wp:attachment":[{"href":"https:\/\/www.herbessalvatges.com\/es\/wp-json\/wp\/v2\/media?parent=2297"}],"curies":[{"name":"wp","href":"https:\/\/api.w.org\/{rel}","templated":true}]}}